{"id":556,"date":"2018-03-10T22:57:34","date_gmt":"2018-03-11T03:57:34","guid":{"rendered":"http:\/\/davisdyslexia.commbits.net\/davis-theory\/"},"modified":"2018-03-29T21:44:35","modified_gmt":"2018-03-30T01:44:35","slug":"davis-theory","status":"publish","type":"page","link":"https:\/\/www.daviscanada.org\/fr\/davis-theory\/","title":{"rendered":"Davis Theory"},"content":{"rendered":"<p>[et_pb_section bb_built=\u00a0\u00bb1&Prime; background_color=\u00a0\u00bb#30ace5&Prime; next_background_color=\u00a0\u00bb#ffffff\u00a0\u00bb _builder_version=\u00a0\u00bb3.0.106&Prime; custom_padding=\u00a0\u00bb147px|0px|158px|0px\u00a0\u00bb top_divider_style=\u00a0\u00bbwave2&Prime; top_divider_height=\u00a0\u00bb81px\u00a0\u00bb bottom_divider_style=\u00a0\u00bbwave2&Prime; bottom_divider_height=\u00a0\u00bb89px\u00a0\u00bb][et_pb_row _builder_version=\u00a0\u00bb3.0.47&Prime; background_size=\u00a0\u00bbinitial\u00a0\u00bb background_position=\u00a0\u00bbtop_left\u00a0\u00bb background_repeat=\u00a0\u00bbrepeat\u00a0\u00bb][et_pb_column type=\u00a0\u00bb4_4&Prime;][et_pb_text background_layout=\u00a0\u00bbdark\u00a0\u00bb _builder_version=\u00a0\u00bb3.0.106&Prime; text_font=\u00a0\u00bb||||||||\u00a0\u00bb animation_style=\u00a0\u00bbslide\u00a0\u00bb animation_direction=\u00a0\u00bbright\u00a0\u00bb animation_intensity_slide=\u00a0\u00bb2%\u00a0\u00bb]<\/p>\n<h1>La Th\u00e9orie Davis<\/h1>\n<p>Ron Davis, gravement dyslexique \u00e0 l\u2019\u00e2ge adulte, trouva le moyen de \u201ccorriger\u201d sa propre dyslexie avant m\u00eame d\u2019avoir \u00e9labor\u00e9 quelque th\u00e9orie que ce soit sur le sujet. Jusqu\u2019\u00e0 l\u2019\u00e2ge de 38 ans, il n\u2019avait jamais remis en question le verdict officiel des experts qui l\u2019avaient diagnostiqu\u00e9 d\u00e9ficient mental. Malgr\u00e9 un QI confirm\u00e9 de 160, il avait accept\u00e9 le fait qu\u2019il n\u2019arriverait jamais \u00e0 lire ni \u00e0 \u00e9crire sans avoir \u00e0 mener une immense bataille, car quelque chose fonctionnait d\u00e9cid\u00e9ment mal dans son cerveau.<\/p>\n<p>C\u2019est alors qu\u2019il remarqua que sa dyslexie s\u2019intensifiait \u00e0 certains moments. Sa formation d\u2019ing\u00e9nieur lui sugg\u00e9ra que s\u2019il trouvait le moyen d\u2019aggraver sa dyslexie, il pourrait alors en d\u00e9duire le moyen de l\u2019att\u00e9nuer. Sculpteur du dimanche, il d\u00e9couvrit ensuite que lorsqu\u2019il \u00e9tait \u00e0 son meilleur sur le plan artistique, il \u00e9tait \u00e0 son pire sur le plan dyslexique.<\/p>\n<p>[\/et_pb_text][\/et_pb_column][\/et_pb_row][\/et_pb_section][et_pb_section bb_built=\u00a0\u00bb1&Prime; _builder_version=\u00a0\u00bb3.0.47&Prime; prev_background_color=\u00a0\u00bb#30ace5&Prime; next_background_color=\u00a0\u00bb#30ace5&Prime;][et_pb_row _builder_version=\u00a0\u00bb3.0.47&Prime; background_size=\u00a0\u00bbinitial\u00a0\u00bb background_position=\u00a0\u00bbtop_left\u00a0\u00bb background_repeat=\u00a0\u00bbrepeat\u00a0\u00bb][et_pb_column type=\u00a0\u00bb1_3&Prime;][\/et_pb_column][et_pb_column type=\u00a0\u00bb2_3&Prime;][et_pb_text _builder_version=\u00a0\u00bb3.0.106&Prime; animation_style=\u00a0\u00bbslide\u00a0\u00bb animation_direction=\u00a0\u00bbleft\u00a0\u00bb animation_intensity_slide=\u00a0\u00bb1%\u00a0\u00bb]<\/p>\n<p>Il s\u2019enferma donc dans une chambre d\u2019h\u00f4tel et s\u2019entra\u00eena d\u2019abord \u00e0 accentuer sa dyslexie, pour ensuite s\u2019efforcer de l\u2019att\u00e9nuer. Trois jours plus tard, \u00e0 un certain moment, le texte de l\u2019affichette placard\u00e9e sur la porte de sa chambre devint lisible pour lui. Ahuri par le fait que les lettres \u00e9taient toutes de la m\u00eame taille et que les mots \u00e9taient s\u00e9par\u00e9s par des espaces, il se rendit \u00e0 une biblioth\u00e8que, choisit \u201cL\u2019\u00cele aux tr\u00e9sors\u201d parmi les livres sur les rayons et le lut enti\u00e8rement avant la fermeture ce jour-l\u00e0.<\/p>\n<p>Ce n\u2019\u00e9tait pas la solution au probl\u00e8me de la dyslexie, mais le d\u00e9but d\u2019un long parcours. C\u2019est en discutant de ses id\u00e9es avec d\u2019autres que Davis d\u00e9couvrit ensuite, \u00e0 sa grande surprise, que la plupart de ses amis artistes \u00e9taient eux aussi dyslexiques. Par une approche essais et erreurs, il \u00e9labora alors une m\u00e9thode fiable pour aider les autres \u00e0 vaincre leur propre dyslexie. Environ un an plus tard, il inaugurait son premier institut de la lecture.<\/p>\n<p>[\/et_pb_text][\/et_pb_column][\/et_pb_row][\/et_pb_section][et_pb_section bb_built=\u00a0\u00bb1&Prime; background_color=\u00a0\u00bb#30ace5&Prime; prev_background_color=\u00a0\u00bb#ffffff\u00a0\u00bb next_background_color=\u00a0\u00bb#ffffff\u00a0\u00bb _builder_version=\u00a0\u00bb3.0.106&Prime; custom_padding=\u00a0\u00bb147px|0px|158px|0px\u00a0\u00bb top_divider_style=\u00a0\u00bbwave2&Prime; top_divider_height=\u00a0\u00bb81px\u00a0\u00bb bottom_divider_style=\u00a0\u00bbwave2&Prime; bottom_divider_height=\u00a0\u00bb89px\u00a0\u00bb][et_pb_row _builder_version=\u00a0\u00bb3.0.47&Prime; background_size=\u00a0\u00bbinitial\u00a0\u00bb background_position=\u00a0\u00bbtop_left\u00a0\u00bb background_repeat=\u00a0\u00bbrepeat\u00a0\u00bb][et_pb_column type=\u00a0\u00bb3_4&Prime;][et_pb_text background_layout=\u00a0\u00bbdark\u00a0\u00bb _builder_version=\u00a0\u00bb3.0.106&Prime; text_font=\u00a0\u00bb||||||||\u00a0\u00bb animation_style=\u00a0\u00bbslide\u00a0\u00bb animation_direction=\u00a0\u00bbright\u00a0\u00bb animation_intensity_slide=\u00a0\u00bb2%\u00a0\u00bb]<\/p>\n<p>La th\u00e9orie Davis est le produit d\u2019une approche essais et erreurs, et elle vise \u00e0 expliquer pourquoi les m\u00e9thodes Davis sont efficaces. On peut la r\u00e9sumer de la fa\u00e7on suivante: Tous les dyslexiques pensent avant tout en images: ils r\u00e9fl\u00e9chissent avec le support d\u2019images mentales ou de repr\u00e9sentations sensorielles plut\u00f4t qu\u2019avec le support de mots, de phrases ou d\u2019un dialogue int\u00e9rieur. Dans la mesure o\u00f9 ce mode de pens\u00e9e est subliminal, c\u2019est-\u00e0-dire trop rapide pour que la personne en soit consciente, la plupart des dyslexiques ne sont pas conscients qu\u2019ils proc\u00e8dent de cette mani\u00e8re.<\/p>\n<p>Dans la mesure o\u00f9 les dyslexiques pensent en images ou en repr\u00e9sentations mentales, ils ont tendance \u00e0 utiliser des strat\u00e9gies de raisonnement et de logique globales, et ils privil\u00e9gient la vision d\u2019ensemble pour comprendre le monde qui les entoure. La plupart du temps, ce sont de fins strat\u00e8ges, de bons cr\u00e9ateurs, ils ont l\u2019esprit pratique et ils excellent dans la r\u00e9solution de probl\u00e8mes concrets. Par contre, ils \u00e9prouvent souvent des difficult\u00e9s avec le raisonnement s\u00e9quentiel, lin\u00e9aire, \u00e9tape par \u00e9tape, qui se fonde sur les mots. Lorsque vous regardez l\u2019image d\u2019un chien, votre attention ne se d\u00e9place pas de la queue \u00e0 la croupe aux pattes aux \u00e9paules \u00e0 la t\u00eate aux oreilles et au nez, avant que vous reconnaissiez qu\u2019il s\u2019agit d\u2019un chien. Vous voyez toutes les parties instantan\u00e9ment et vous concluez \u201cchien\u201d. Si votre mode de pens\u00e9e est enti\u00e8rement ou de fa\u00e7on pr\u00e9pond\u00e9rante en images, vous avez pris l\u2019habitude de reconna\u00eetre les choses ou les situations en les englobant rapidement d\u2019un seul regard.<\/p>\n<p>[\/et_pb_text][\/et_pb_column][et_pb_column type=\u00a0\u00bb1_4&Prime;][\/et_pb_column][\/et_pb_row][\/et_pb_section][et_pb_section bb_built=\u00a0\u00bb1&Prime; _builder_version=\u00a0\u00bb3.0.106&Prime; custom_padding=\u00a0\u00bb54px|0px|33px|0px\u00a0\u00bb prev_background_color=\u00a0\u00bb#30ace5&Prime; next_background_color=\u00a0\u00bb#30ace5&Prime;][et_pb_row _builder_version=\u00a0\u00bb3.0.47&Prime; background_size=\u00a0\u00bbinitial\u00a0\u00bb background_position=\u00a0\u00bbtop_left\u00a0\u00bb background_repeat=\u00a0\u00bbrepeat\u00a0\u00bb][et_pb_column type=\u00a0\u00bb1_3&Prime;][\/et_pb_column][et_pb_column type=\u00a0\u00bb2_3&Prime;][et_pb_text _builder_version=\u00a0\u00bb3.0.106&Prime; animation_style=\u00a0\u00bbslide\u00a0\u00bb animation_direction=\u00a0\u00bbleft\u00a0\u00bb animation_intensity_slide=\u00a0\u00bb1%\u00a0\u00bb]<\/p>\n<p>Les dyslexiques, qui pensent principalement en images, ont aussi tendance \u00e0 d\u00e9velopper une forte imagination. Lors de la r\u00e9solution de probl\u00e8mes, ils utilisent un mode de raisonnement bas\u00e9 sur l\u2019image et la sensation plut\u00f4t que sur une logique verbale. S\u2019ils deviennent initialement confus ou intrigu\u00e9s devant un objet, ils le feront alors tourner mentalement dans leur t\u00eate, afin de pouvoir le regarder \u00e0 partir de diff\u00e9rents points de vue. C\u2019est ce mode de pens\u00e9e qui leur permet de d\u00e9velopper plusieurs talents et habilet\u00e9s particuliers.<\/p>\n<p>Cette aptitude peut aussi \u00eatre la source d\u2019un probl\u00e8me. Lorsqu\u2019elles sont d\u00e9sorient\u00e9es, les personnes dyslexiques substituent leur propre pens\u00e9e \u00e0 la r\u00e9alit\u00e9. La plupart des gens \u00e9prouvent une sensation de d\u00e9sorientation lorsqu\u2019ils regardent une illusion d\u2019optique ou qu\u2019ils font l\u2019exp\u00e9rience de stimuli sensoriels trompeurs, tels que ceux g\u00e9n\u00e9r\u00e9s par des man\u00e8ges ou des jeux de r\u00e9alit\u00e9 virtuelle. Les dyslexiques, quant \u00e0 eux, deviennent d\u00e9sorient\u00e9s quotidiennement; c\u2019est leur mani\u00e8re naturelle de r\u00e9agir mentalement tout autant \u00e0 un stimulus d\u00e9routant qu\u2019\u00e0 une r\u00e9solution cr\u00e9ative de probl\u00e8me.<\/p>\n<p>Les dyslexiques ont tendance \u00e0 \u00e9prouver des difficult\u00e9s lorsqu\u2019ils sont confront\u00e9s \u00e0 des abstractions et des symboles, tels que les lettres et les chiffres. Ils essaient de comprendre les symboles comme ils le feraient d\u2019un moteur d\u2019automobile ou d\u2019un sc\u00e9ma d\u2019ing\u00e9nierie et peuvent, de ce fait, devenir d\u00e9sorient\u00e9s. C\u2019est ce qui provoque chez eux les sympt\u00f4mes familiers de substitutions, d\u2019omissions, d\u2019inversions ou de transpositions, \u00e0 la lecture et \u00e0 l\u2019\u00e9criture. Cette d\u00e9sorientation ne se limite pas aux stimuli visuels; plusieurs dyslexiques entendent mal ou embrouillent les mots ou l\u2019encha\u00eenement des mots dans une phrase. Leur sens du temps peut sembler alt\u00e9r\u00e9 et leur coordination motrice peut para\u00eetre ralentie ou maladroite.<\/p>\n<p>[\/et_pb_text][\/et_pb_column][\/et_pb_row][\/et_pb_section][et_pb_section bb_built=\u00a0\u00bb1&Prime; background_color=\u00a0\u00bb#30ace5&Prime; prev_background_color=\u00a0\u00bb#ffffff\u00a0\u00bb _builder_version=\u00a0\u00bb3.0.106&Prime; custom_padding=\u00a0\u00bb147px|0px|89px|0px\u00a0\u00bb top_divider_style=\u00a0\u00bbwave2&Prime; top_divider_height=\u00a0\u00bb81px\u00a0\u00bb bottom_divider_height=\u00a0\u00bb89px\u00a0\u00bb next_background_color=\u00a0\u00bb#eaeaea\u00a0\u00bb][et_pb_row _builder_version=\u00a0\u00bb3.0.47&Prime; background_size=\u00a0\u00bbinitial\u00a0\u00bb background_position=\u00a0\u00bbtop_left\u00a0\u00bb background_repeat=\u00a0\u00bbrepeat\u00a0\u00bb][et_pb_column type=\u00a0\u00bb3_4&Prime;][et_pb_text background_layout=\u00a0\u00bbdark\u00a0\u00bb _builder_version=\u00a0\u00bb3.0.106&Prime; animation_style=\u00a0\u00bbslide\u00a0\u00bb animation_direction=\u00a0\u00bbright\u00a0\u00bb animation_intensity_slide=\u00a0\u00bb2%\u00a0\u00bb]<\/p>\n<p>Les erreurs \u00e0 r\u00e9p\u00e9tition qui r\u00e9sultent des perceptions erron\u00e9es, elles-m\u00eames caus\u00e9es par la d\u00e9sorientation, provoquent in\u00e9vitablement des r\u00e9actions \u00e9motives, de la frustration et une perte de l\u2019estime de soi. Chaque dyslexique va alors chercher \u00e0 r\u00e9soudre son probl\u00e8me en \u00e9laborant des m\u00e9canismes de compensation et en adoptant des comportements compulsifs. Ron Davis appelle ces m\u00e9canismes \u201cles vieilles solutions\u201d: apprendre par coeur, rab\u00e2cher une chanson sur l\u2019alphabet, faire faire ses devoirs par maman, faire une sc\u00e8ne, \u00e9crire de fa\u00e7on illisible pour dissimuler les fautes d\u2019orthographe, utiliser des ruses pour \u00e9viter tout ce qui se rapporte \u00e0 l\u2019\u00e9cole ou \u00e0 la lecture, en sont quelques exemples. Ce genre de comportements peut se mettre en place d\u00e8s l\u2019\u00e2ge de six ou sept ans, si bien qu\u2019un adulte en aura un r\u00e9pertoire impressionnant. Nous avons maintenant la gamme compl\u00e8te des sympt\u00f4mes, des caract\u00e9ristiques et des comportements qu\u2019on associe g\u00e9n\u00e9ralement \u00e0 la dyslexie.<\/p>\n<p>Le principe le plus important \u00e9labor\u00e9 par la th\u00e9orie Davis pour la correction de la dyslexie repose sur l\u2019observation que lorsqu\u2019un symbole auditif \u2013 un mot \u2013 n\u2019a pas d\u2019\u00e9quivalent imag\u00e9 ni de signification pour le dyslexique, d\u00e9sorientation et erreurs en r\u00e9sultent. Lorsque nous enseignons au dyslexique comment interrompre les d\u00e9sorientations au moment o\u00f9 elles interviennent, et que nous l\u2019aidons ensuite \u00e0 identifier, puis \u00e0 ma\u00eetriser les stimuli qui les ont caus\u00e9es, les probl\u00e8mes de lecture, d\u2019\u00e9criture et d\u2019orthographe commencent \u00e0 dispara\u00eetre, et avec elles, \u201cles vieilles solutions\u201d.<\/p>\n<p>[\/et_pb_text][\/et_pb_column][et_pb_column type=\u00a0\u00bb1_4&Prime;][\/et_pb_column][\/et_pb_row][\/et_pb_section][et_pb_section bb_built=\u00a0\u00bb1&Prime; background_color=\u00a0\u00bb#eaeaea\u00a0\u00bb prev_background_color=\u00a0\u00bb#30ace5&Prime; _builder_version=\u00a0\u00bb3.0.106&Prime; custom_padding=\u00a0\u00bb124px|0px|54px|0px\u00a0\u00bb top_divider_style=\u00a0\u00bbwaves2&Prime; top_divider_height=\u00a0\u00bb63px\u00a0\u00bb top_divider_flip=\u00a0\u00bbhorizontal|vertical\u00a0\u00bb next_background_color=\u00a0\u00bb#ffffff\u00a0\u00bb][et_pb_row _builder_version=\u00a0\u00bb3.0.47&Prime; background_size=\u00a0\u00bbinitial\u00a0\u00bb background_position=\u00a0\u00bbtop_left\u00a0\u00bb background_repeat=\u00a0\u00bbrepeat\u00a0\u00bb][et_pb_column type=\u00a0\u00bb4_4&Prime;][et_pb_text _builder_version=\u00a0\u00bb3.0.106&Prime; text_font=\u00a0\u00bb||on||||||\u00a0\u00bb text_line_height=\u00a0\u00bb1.4em\u00a0\u00bb header_2_line_height=\u00a0\u00bb1.7em\u00a0\u00bb animation_style=\u00a0\u00bbfade\u00a0\u00bb]<\/p>\n<p><span>\u00a9 1999 par Abigail Marshall et la &amp;\u00a0<\/span><a href=\"http:\/\/www.dyslexia.com\/ddai\">Davis Dyslexia Association International<\/a><span>. <br \/>Extrait de l\u2019article \u201cLa Correction de la Dyslexie Davis \u2013 Un bref aper\u00e7u\u201d. <br \/>Utilisation autoris\u00e9e.<\/span><\/p>\n<p>[\/et_pb_text][\/et_pb_column][\/et_pb_row][\/et_pb_section][et_pb_section bb_built=\u00a0\u00bb1&Prime; fullwidth=\u00a0\u00bboff\u00a0\u00bb specialty=\u00a0\u00bboff\u00a0\u00bb _builder_version=\u00a0\u00bb3.0.106&Prime; use_background_color_gradient=\u00a0\u00bbon\u00a0\u00bb background_color_gradient_start=\u00a0\u00bbrgba(32,111,183,0.34)\u00a0\u00bb background_color_gradient_end=\u00a0\u00bb#206fb7&Prime; background_color_gradient_direction=\u00a0\u00bb1deg\u00a0\u00bb prev_background_color=\u00a0\u00bb#eaeaea\u00a0\u00bb][et_pb_row admin_label=\u00a0\u00bbRow\u00a0\u00bb _builder_version=\u00a0\u00bb3.0.106&Prime; background_color_1=\u00a0\u00bb#ffffff\u00a0\u00bb background_color_2=\u00a0\u00bb#ffffff\u00a0\u00bb padding_top_1=\u00a0\u00bb50px\u00a0\u00bb padding_right_1=\u00a0\u00bb40px\u00a0\u00bb padding_bottom_1=\u00a0\u00bb50px\u00a0\u00bb padding_left_1=\u00a0\u00bb40px\u00a0\u00bb padding_top_2=\u00a0\u00bb50px\u00a0\u00bb padding_right_2=\u00a0\u00bb40px\u00a0\u00bb padding_bottom_2=\u00a0\u00bb50px\u00a0\u00bb padding_left_2=\u00a0\u00bb40px\u00a0\u00bb custom_css_main_1=\u00a0\u00bbbox-shadow: 0px 1px 18px rgba(23, 23, 23, 0.17);|| -moz-box-shadow: 0px 1px 18px rgba(23, 23, 23, 0.17);|| -webkit-box-shadow: 0px 1px 18px rgba(23, 23, 23, 0.17);\u00a0\u00bb custom_css_main_2=\u00a0\u00bbbox-shadow: 0px 1px 18px rgba(23, 23, 23, 0.17);|| -moz-box-shadow: 0px 1px 18px rgba(23, 23, 23, 0.17);|| -webkit-box-shadow: 0px 1px 18px rgba(23, 23, 23, 0.17);\u00a0\u00bb][et_pb_column type=\u00a0\u00bb1_3&Prime;][et_pb_blurb admin_label=\u00a0\u00bbBlurb\u00a0\u00bb _builder_version=\u00a0\u00bb3.0.106&Prime; url_new_window=\u00a0\u00bboff\u00a0\u00bb use_icon=\u00a0\u00bbon\u00a0\u00bb font_icon=\u00a0\u00bb%%153%%\u00a0\u00bb icon_color=\u00a0\u00bb#75a800&Prime; use_circle=\u00a0\u00bboff\u00a0\u00bb use_circle_border=\u00a0\u00bboff\u00a0\u00bb icon_placement=\u00a0\u00bbtop\u00a0\u00bb use_icon_font_size=\u00a0\u00bbon\u00a0\u00bb icon_font_size=\u00a0\u00bb35px\u00a0\u00bb background_layout=\u00a0\u00bblight\u00a0\u00bb body_font_size=\u00a0\u00bb16&Prime; body_font_size_phone=\u00a0\u00bb14&Prime; body_font_size_last_edited=\u00a0\u00bbon|phone\u00a0\u00bb]<\/p>\n<p>Vos questions et vos demandes sont les bienvenues. S\u2019il-vous-pla\u00eet, contactez-nous au\u00a0<a href=\"mailto:info@daviscanada.org\">info@daviscanada.org<\/a>.<\/p>\n<p>[\/et_pb_blurb][\/et_pb_column][et_pb_column type=\u00a0\u00bb2_3&Prime;][et_pb_contact_form email=\u00a0\u00bbinfo@dyslexiaontario.com\u00a0\u00bb title=\u00a0\u00bbComment joindre la DDAFAC\u00a0\u00bb submit_button_text=\u00a0\u00bbEnvoyer\u00a0\u00bb form_background_color=\u00a0\u00bbrgba(255,255,255,0)\u00a0\u00bb module_id=\u00a0\u00bbet_pb_contact_form_1&Prime; _builder_version=\u00a0\u00bb3.0.106&Prime; title_font=\u00a0\u00bb|||on|||||\u00a0\u00bb form_field_font_size=\u00a0\u00bb16px\u00a0\u00bb form_field_text_color=\u00a0\u00bbrgba(0,0,0,0.49)\u00a0\u00bb border_width_all=\u00a0\u00bb1px\u00a0\u00bb border_color_all=\u00a0\u00bbrgba(0,0,0,0.12)\u00a0\u00bb custom_button=\u00a0\u00bbon\u00a0\u00bb button_text_size=\u00a0\u00bb16px\u00a0\u00bb button_text_color=\u00a0\u00bb#ffffff\u00a0\u00bb button_bg_color=\u00a0\u00bb#75a800&Prime; button_border_color=\u00a0\u00bb#75a800&Prime; button_border_radius=\u00a0\u00bb0px\u00a0\u00bb button_letter_spacing=\u00a0\u00bb2px\u00a0\u00bb button_font=\u00a0\u00bb|600||on|||||\u00a0\u00bb button_use_icon=\u00a0\u00bboff\u00a0\u00bb button_text_color_hover=\u00a0\u00bb#6eba01&Prime; button_bg_color_hover=\u00a0\u00bbrgba(0,0,0,0)\u00a0\u00bb button_border_color_hover=\u00a0\u00bb#6eba01&Prime; button_border_radius_hover=\u00a0\u00bb0px\u00a0\u00bb button_letter_spacing_hover=\u00a0\u00bb2px\u00a0\u00bb animation_style=\u00a0\u00bbfold\u00a0\u00bb animation_direction=\u00a0\u00bbbottom\u00a0\u00bb animation_intensity_fold=\u00a0\u00bb20%\u00a0\u00bb use_border_color=\u00a0\u00bbon\u00a0\u00bb custom_message=\u00a0\u00bbName: %%Name%%||et_pb_line_break_holder||Email: %%Email%%||et_pb_line_break_holder||||et_pb_line_break_holder||Message: %%Message%%\u00a0\u00bb captcha=\u00a0\u00bbon\u00a0\u00bb use_redirect=\u00a0\u00bboff\u00a0\u00bb button_icon_placement=\u00a0\u00bbright\u00a0\u00bb][et_pb_contact_field field_id=\u00a0\u00bbName\u00a0\u00bb field_title=\u00a0\u00bb Nom\u00a0\u00bb fullwidth_field=\u00a0\u00bbon\u00a0\u00bb _builder_version=\u00a0\u00bb3.0.106&Prime; field_type=\u00a0\u00bbinput\u00a0\u00bb checkbox_checked=\u00a0\u00bboff\u00a0\u00bb checkbox_options=\u00a0\u00bb%91{%22value%22:%22 Nom%22,%22checked%22:0}%93&Prime; radio_options=\u00a0\u00bb%91{%22value%22:%22 Nom%22,%22checked%22:0}%93&Prime; select_options=\u00a0\u00bb%91{%22value%22:%22 Nom%22,%22checked%22:0}%93&Prime; min_length=\u00a0\u00bb0&Prime; max_length=\u00a0\u00bb0&Prime; allowed_symbols=\u00a0\u00bball\u00a0\u00bb required_mark=\u00a0\u00bbon\u00a0\u00bb conditional_logic=\u00a0\u00bboff\u00a0\u00bb conditional_logic_relation=\u00a0\u00bboff\u00a0\u00bb conditional_logic_rules=\u00a0\u00bb%91{%22field%22:%22email%22,%22condition%22:%22is%22,%22value%22:%22%22}%93&Prime; use_background_color_gradient=\u00a0\u00bboff\u00a0\u00bb background_color_gradient_start=\u00a0\u00bb#2b87da\u00a0\u00bb background_color_gradient_end=\u00a0\u00bb#29c4a9&Prime; background_color_gradient_type=\u00a0\u00bblinear\u00a0\u00bb background_color_gradient_direction=\u00a0\u00bb180deg\u00a0\u00bb background_color_gradient_direction_radial=\u00a0\u00bbcenter\u00a0\u00bb background_color_gradient_start_position=\u00a0\u00bb0%\u00a0\u00bb background_color_gradient_end_position=\u00a0\u00bb100%\u00a0\u00bb background_color_gradient_overlays_image=\u00a0\u00bboff\u00a0\u00bb parallax=\u00a0\u00bboff\u00a0\u00bb parallax_method=\u00a0\u00bbon\u00a0\u00bb background_size=\u00a0\u00bbcover\u00a0\u00bb background_position=\u00a0\u00bbcenter\u00a0\u00bb background_repeat=\u00a0\u00bbno-repeat\u00a0\u00bb background_blend=\u00a0\u00bbnormal\u00a0\u00bb allow_player_pause=\u00a0\u00bboff\u00a0\u00bb background_video_pause_outside_viewport=\u00a0\u00bbon\u00a0\u00bb form_field_text_shadow_style=\u00a0\u00bbnone\u00a0\u00bb box_shadow_style=\u00a0\u00bbnone\u00a0\u00bb \/][et_pb_contact_field field_id=\u00a0\u00bbEmail\u00a0\u00bb field_title=\u00a0\u00bbCourriel\u00a0\u00bb field_type=\u00a0\u00bbemail\u00a0\u00bb fullwidth_field=\u00a0\u00bbon\u00a0\u00bb _builder_version=\u00a0\u00bb3.0.106&Prime; border_radii=\u00a0\u00bbon||||\u00a0\u00bb \/][et_pb_contact_field field_id=\u00a0\u00bbMessage\u00a0\u00bb field_title=\u00a0\u00bbMessage\u00a0\u00bb field_type=\u00a0\u00bbtext\u00a0\u00bb fullwidth_field=\u00a0\u00bbon\u00a0\u00bb _builder_version=\u00a0\u00bb3.0.106&Prime; border_radii=\u00a0\u00bbon||||\u00a0\u00bb \/][\/et_pb_contact_form][\/et_pb_column][\/et_pb_row][\/et_pb_section]<\/p>\n","protected":false},"excerpt":{"rendered":"<p>La Th\u00e9orie Davis Ron Davis, gravement dyslexique \u00e0 l\u2019\u00e2ge adulte, trouva le moyen de \u201ccorriger\u201d sa propre dyslexie avant m\u00eame d\u2019avoir \u00e9labor\u00e9 quelque th\u00e9orie que ce soit sur le sujet. Jusqu\u2019\u00e0 l\u2019\u00e2ge de 38 ans, il n\u2019avait jamais remis en question le verdict officiel des experts qui l\u2019avaient diagnostiqu\u00e9 d\u00e9ficient mental. Malgr\u00e9 un QI confirm\u00e9 [&hellip;]<\/p>\n","protected":false},"author":1,"featured_media":0,"parent":0,"menu_order":0,"comment_status":"closed","ping_status":"closed","template":"","meta":{"_et_pb_use_builder":"on","_et_pb_old_content":"","_et_gb_content_width":"","footnotes":""},"class_list":["post-556","page","type-page","status-publish","hentry"],"yoast_head":"<!-- This site is optimized with the Yoast SEO plugin v26.3 - https:\/\/yoast.com\/wordpress\/plugins\/seo\/ -->\n<title>Davis Theory - Davis Dyslexia Canada<\/title>\n<meta name=\"robots\" content=\"index, follow, max-snippet:-1, max-image-preview:large, max-video-preview:-1\" \/>\n<link rel=\"canonical\" href=\"https:\/\/www.daviscanada.org\/fr\/davis-theory\/\" \/>\n<meta property=\"og:locale\" content=\"fr_FR\" \/>\n<meta property=\"og:type\" content=\"article\" \/>\n<meta property=\"og:title\" content=\"Davis Theory - Davis Dyslexia Canada\" \/>\n<meta property=\"og:description\" content=\"La Th\u00e9orie Davis Ron Davis, gravement dyslexique \u00e0 l\u2019\u00e2ge adulte, trouva le moyen de \u201ccorriger\u201d sa propre dyslexie avant m\u00eame d\u2019avoir \u00e9labor\u00e9 quelque th\u00e9orie que ce soit sur le sujet. Jusqu\u2019\u00e0 l\u2019\u00e2ge de 38 ans, il n\u2019avait jamais remis en question le verdict officiel des experts qui l\u2019avaient diagnostiqu\u00e9 d\u00e9ficient mental. Malgr\u00e9 un QI confirm\u00e9 [&hellip;]\" \/>\n<meta property=\"og:url\" content=\"https:\/\/www.daviscanada.org\/fr\/davis-theory\/\" \/>\n<meta property=\"og:site_name\" content=\"Davis Dyslexia Canada\" \/>\n<meta property=\"article:publisher\" content=\"https:\/\/www.facebook.com\/DDFAC\" \/>\n<meta property=\"article:modified_time\" content=\"2018-03-30T01:44:35+00:00\" \/>\n<meta name=\"twitter:card\" content=\"summary_large_image\" \/>\n<meta name=\"twitter:site\" content=\"@DDFAC\" \/>\n<meta name=\"twitter:label1\" content=\"Dur\u00e9e de lecture estim\u00e9e\" \/>\n\t<meta name=\"twitter:data1\" content=\"12 minutes\" \/>\n<script type=\"application\/ld+json\" class=\"yoast-schema-graph\">{\"@context\":\"https:\/\/schema.org\",\"@graph\":[{\"@type\":\"WebPage\",\"@id\":\"https:\/\/www.daviscanada.org\/fr\/davis-theory\/\",\"url\":\"https:\/\/www.daviscanada.org\/fr\/davis-theory\/\",\"name\":\"Davis Theory - Davis Dyslexia Canada\",\"isPartOf\":{\"@id\":\"https:\/\/www.daviscanada.org\/#website\"},\"datePublished\":\"2018-03-11T03:57:34+00:00\",\"dateModified\":\"2018-03-30T01:44:35+00:00\",\"breadcrumb\":{\"@id\":\"https:\/\/www.daviscanada.org\/fr\/davis-theory\/#breadcrumb\"},\"inLanguage\":\"fr-FR\",\"potentialAction\":[{\"@type\":\"ReadAction\",\"target\":[\"https:\/\/www.daviscanada.org\/fr\/davis-theory\/\"]}]},{\"@type\":\"BreadcrumbList\",\"@id\":\"https:\/\/www.daviscanada.org\/fr\/davis-theory\/#breadcrumb\",\"itemListElement\":[{\"@type\":\"ListItem\",\"position\":1,\"name\":\"Home\",\"item\":\"https:\/\/www.daviscanada.org\/fr\/homenew\/\"},{\"@type\":\"ListItem\",\"position\":2,\"name\":\"Davis Theory\"}]},{\"@type\":\"WebSite\",\"@id\":\"https:\/\/www.daviscanada.org\/#website\",\"url\":\"https:\/\/www.daviscanada.org\/\",\"name\":\"Davis Dyslexia Canada\",\"description\":\"Dyslexia, ADD, ADHD Learning Disabilities can be corrected\",\"publisher\":{\"@id\":\"https:\/\/www.daviscanada.org\/#organization\"},\"potentialAction\":[{\"@type\":\"SearchAction\",\"target\":{\"@type\":\"EntryPoint\",\"urlTemplate\":\"https:\/\/www.daviscanada.org\/?s={search_term_string}\"},\"query-input\":{\"@type\":\"PropertyValueSpecification\",\"valueRequired\":true,\"valueName\":\"search_term_string\"}}],\"inLanguage\":\"fr-FR\"},{\"@type\":\"Organization\",\"@id\":\"https:\/\/www.daviscanada.org\/#organization\",\"name\":\"Davis Dyslexia and Autism Facilitators' Association of Canada\",\"url\":\"https:\/\/www.daviscanada.org\/\",\"logo\":{\"@type\":\"ImageObject\",\"inLanguage\":\"fr-FR\",\"@id\":\"https:\/\/www.daviscanada.org\/#\/schema\/logo\/image\/\",\"url\":\"https:\/\/www.daviscanada.org\/wp-content\/uploads\/2018\/03\/LogoNew5.png\",\"contentUrl\":\"https:\/\/www.daviscanada.org\/wp-content\/uploads\/2018\/03\/LogoNew5.png\",\"width\":278,\"height\":201,\"caption\":\"Davis Dyslexia and Autism Facilitators' Association of Canada\"},\"image\":{\"@id\":\"https:\/\/www.daviscanada.org\/#\/schema\/logo\/image\/\"},\"sameAs\":[\"https:\/\/www.facebook.com\/DDFAC\",\"https:\/\/x.com\/DDFAC\"]}]}<\/script>\n<!-- \/ Yoast SEO plugin. -->","yoast_head_json":{"title":"Davis Theory - Davis Dyslexia Canada","robots":{"index":"index","follow":"follow","max-snippet":"max-snippet:-1","max-image-preview":"max-image-preview:large","max-video-preview":"max-video-preview:-1"},"canonical":"https:\/\/www.daviscanada.org\/fr\/davis-theory\/","og_locale":"fr_FR","og_type":"article","og_title":"Davis Theory - Davis Dyslexia Canada","og_description":"La Th\u00e9orie Davis Ron Davis, gravement dyslexique \u00e0 l\u2019\u00e2ge adulte, trouva le moyen de \u201ccorriger\u201d sa propre dyslexie avant m\u00eame d\u2019avoir \u00e9labor\u00e9 quelque th\u00e9orie que ce soit sur le sujet. Jusqu\u2019\u00e0 l\u2019\u00e2ge de 38 ans, il n\u2019avait jamais remis en question le verdict officiel des experts qui l\u2019avaient diagnostiqu\u00e9 d\u00e9ficient mental. Malgr\u00e9 un QI confirm\u00e9 [&hellip;]","og_url":"https:\/\/www.daviscanada.org\/fr\/davis-theory\/","og_site_name":"Davis Dyslexia Canada","article_publisher":"https:\/\/www.facebook.com\/DDFAC","article_modified_time":"2018-03-30T01:44:35+00:00","twitter_card":"summary_large_image","twitter_site":"@DDFAC","twitter_misc":{"Dur\u00e9e de lecture estim\u00e9e":"12 minutes"},"schema":{"@context":"https:\/\/schema.org","@graph":[{"@type":"WebPage","@id":"https:\/\/www.daviscanada.org\/fr\/davis-theory\/","url":"https:\/\/www.daviscanada.org\/fr\/davis-theory\/","name":"Davis Theory - Davis Dyslexia Canada","isPartOf":{"@id":"https:\/\/www.daviscanada.org\/#website"},"datePublished":"2018-03-11T03:57:34+00:00","dateModified":"2018-03-30T01:44:35+00:00","breadcrumb":{"@id":"https:\/\/www.daviscanada.org\/fr\/davis-theory\/#breadcrumb"},"inLanguage":"fr-FR","potentialAction":[{"@type":"ReadAction","target":["https:\/\/www.daviscanada.org\/fr\/davis-theory\/"]}]},{"@type":"BreadcrumbList","@id":"https:\/\/www.daviscanada.org\/fr\/davis-theory\/#breadcrumb","itemListElement":[{"@type":"ListItem","position":1,"name":"Home","item":"https:\/\/www.daviscanada.org\/fr\/homenew\/"},{"@type":"ListItem","position":2,"name":"Davis Theory"}]},{"@type":"WebSite","@id":"https:\/\/www.daviscanada.org\/#website","url":"https:\/\/www.daviscanada.org\/","name":"Davis Dyslexia Canada","description":"Dyslexia, ADD, ADHD Learning Disabilities can be corrected","publisher":{"@id":"https:\/\/www.daviscanada.org\/#organization"},"potentialAction":[{"@type":"SearchAction","target":{"@type":"EntryPoint","urlTemplate":"https:\/\/www.daviscanada.org\/?s={search_term_string}"},"query-input":{"@type":"PropertyValueSpecification","valueRequired":true,"valueName":"search_term_string"}}],"inLanguage":"fr-FR"},{"@type":"Organization","@id":"https:\/\/www.daviscanada.org\/#organization","name":"Davis Dyslexia and Autism Facilitators' Association of Canada","url":"https:\/\/www.daviscanada.org\/","logo":{"@type":"ImageObject","inLanguage":"fr-FR","@id":"https:\/\/www.daviscanada.org\/#\/schema\/logo\/image\/","url":"https:\/\/www.daviscanada.org\/wp-content\/uploads\/2018\/03\/LogoNew5.png","contentUrl":"https:\/\/www.daviscanada.org\/wp-content\/uploads\/2018\/03\/LogoNew5.png","width":278,"height":201,"caption":"Davis Dyslexia and Autism Facilitators' Association of Canada"},"image":{"@id":"https:\/\/www.daviscanada.org\/#\/schema\/logo\/image\/"},"sameAs":["https:\/\/www.facebook.com\/DDFAC","https:\/\/x.com\/DDFAC"]}]}},"_links":{"self":[{"href":"https:\/\/www.daviscanada.org\/fr\/wp-json\/wp\/v2\/pages\/556\/"}],"collection":[{"href":"https:\/\/www.daviscanada.org\/fr\/wp-json\/wp\/v2\/pages\/"}],"about":[{"href":"https:\/\/www.daviscanada.org\/fr\/wp-json\/wp\/v2\/types\/page\/"}],"author":[{"embeddable":true,"href":"https:\/\/www.daviscanada.org\/fr\/wp-json\/wp\/v2\/users\/1\/"}],"replies":[{"embeddable":true,"href":"https:\/\/www.daviscanada.org\/fr\/wp-json\/wp\/v2\/comments\/?post=556"}],"version-history":[{"count":0,"href":"https:\/\/www.daviscanada.org\/fr\/wp-json\/wp\/v2\/pages\/556\/revisions\/"}],"wp:attachment":[{"href":"https:\/\/www.daviscanada.org\/fr\/wp-json\/wp\/v2\/media\/?parent=556"}],"curies":[{"name":"wp","href":"https:\/\/api.w.org\/{rel}","templated":true}]}}