{"id":508,"date":"2018-03-10T22:25:17","date_gmt":"2018-03-11T03:25:17","guid":{"rendered":"http:\/\/davisdyslexia.commbits.net\/la-dyslexie\/"},"modified":"2018-03-29T21:45:55","modified_gmt":"2018-03-30T01:45:55","slug":"la-dyslexie","status":"publish","type":"page","link":"https:\/\/www.daviscanada.org\/fr\/la-dyslexie\/","title":{"rendered":"La Dyslexie"},"content":{"rendered":"<p>[et_pb_section bb_built=\u00a0\u00bb1&Prime; background_color=\u00a0\u00bb#30ace5&Prime; next_background_color=\u00a0\u00bb#ffffff\u00a0\u00bb _builder_version=\u00a0\u00bb3.0.106&Prime; custom_padding=\u00a0\u00bb147px|0px|158px|0px\u00a0\u00bb top_divider_style=\u00a0\u00bbwave2&Prime; top_divider_height=\u00a0\u00bb81px\u00a0\u00bb bottom_divider_style=\u00a0\u00bbwave2&Prime; bottom_divider_height=\u00a0\u00bb89px\u00a0\u00bb][et_pb_row _builder_version=\u00a0\u00bb3.0.47&Prime; background_size=\u00a0\u00bbinitial\u00a0\u00bb background_position=\u00a0\u00bbtop_left\u00a0\u00bb background_repeat=\u00a0\u00bbrepeat\u00a0\u00bb][et_pb_column type=\u00a0\u00bb4_4&Prime;][et_pb_text background_layout=\u00a0\u00bbdark\u00a0\u00bb _builder_version=\u00a0\u00bb3.0.106&Prime; text_font=\u00a0\u00bb||||||||\u00a0\u00bb animation_style=\u00a0\u00bbslide\u00a0\u00bb animation_direction=\u00a0\u00bbright\u00a0\u00bb animation_intensity_slide=\u00a0\u00bb2%\u00a0\u00bb]<\/p>\n<h1>La Dyslexie<\/h1>\n<p>La dyslexie est un mot qu\u2019on utilise le plus souvent pour d\u00e9crire certains troubles d\u2019apprentissage en mati\u00e8re de lecture et d\u2019\u00e9criture. Au Canada, nous avons tendance \u00e0 utiliser le terme\u00a0<em>troubles d\u2019apprentissage<\/em>\u00a0lorsque nous faisons r\u00e9f\u00e9rence aux difficult\u00e9s d\u2019apprentissage et d\u2019utilisation des mati\u00e8res scolaires de base (la lecture, l\u2019\u00e9criture et les math\u00e9matiques) qu\u2019\u00e9prouvent des personnes dont on estime par ailleurs qu\u2019elles b\u00e9n\u00e9ficient d\u2019un potentiel intellectuel et de ressources p\u00e9dagogiques ad\u00e9quats. Autrement dit, les gens qui ont des troubles d\u2019apprentissage sont intelligents, mais ils \u00e9prouvent de la difficult\u00e9 \u00e0 apprendre \u00e0 lire, \u00e0 \u00e9crire et quelquefois \u00e0 faire des math\u00e9matiques. Dans d\u2019autres pays, le terme<em>dyslexie<\/em>\u00a0est utilis\u00e9 pour faire r\u00e9f\u00e9rence \u00e0 l\u2019ensemble de ces troubles d\u2019apprentissage.<\/p>\n<p>[\/et_pb_text][\/et_pb_column][\/et_pb_row][\/et_pb_section][et_pb_section bb_built=\u00a0\u00bb1&Prime; _builder_version=\u00a0\u00bb3.0.47&Prime; prev_background_color=\u00a0\u00bb#30ace5&Prime; next_background_color=\u00a0\u00bb#30ace5&Prime;][et_pb_row _builder_version=\u00a0\u00bb3.0.47&Prime; background_size=\u00a0\u00bbinitial\u00a0\u00bb background_position=\u00a0\u00bbtop_left\u00a0\u00bb background_repeat=\u00a0\u00bbrepeat\u00a0\u00bb][et_pb_column type=\u00a0\u00bb1_3&Prime;][\/et_pb_column][et_pb_column type=\u00a0\u00bb2_3&Prime;][et_pb_text _builder_version=\u00a0\u00bb3.0.106&Prime; animation_style=\u00a0\u00bbslide\u00a0\u00bb animation_direction=\u00a0\u00bbleft\u00a0\u00bb animation_intensity_slide=\u00a0\u00bb1%\u00a0\u00bb]<\/p>\n<p>Ron Davis a d\u00e9couvert que la dyslexie est caus\u00e9e par un mode de pens\u00e9e diff\u00e9rent. Les gens dyslexiques pensent en images, plut\u00f4t qu\u2019avec le support des sons des lettres et des mots. Ils deviennent souvent d\u00e9sorient\u00e9s lorsqu\u2019ils sont confront\u00e9s \u00e0 des mots qui n\u2019ont pas de r\u00e9f\u00e9rent visuel, ou \u00e0 des symboles \u00e9crits. La lecture dyslexique se caract\u00e9rise par des ajouts ou des substitutions; l\u2019\u00e9criture dyslexique se caract\u00e9rise par l\u2019omission de lettres, une orthographe inconsistante, des lettres en d\u00e9sordre, ou des lettres suppl\u00e9mentaires ajout\u00e9es \u00e0 l\u2019int\u00e9rieur des mots.<\/p>\n<p>[\/et_pb_text][\/et_pb_column][\/et_pb_row][\/et_pb_section][et_pb_section bb_built=\u00a0\u00bb1&Prime; background_color=\u00a0\u00bb#30ace5&Prime; prev_background_color=\u00a0\u00bb#ffffff\u00a0\u00bb next_background_color=\u00a0\u00bb#ffffff\u00a0\u00bb _builder_version=\u00a0\u00bb3.0.106&Prime; custom_padding=\u00a0\u00bb147px|0px|158px|0px\u00a0\u00bb top_divider_style=\u00a0\u00bbwave2&Prime; top_divider_height=\u00a0\u00bb81px\u00a0\u00bb bottom_divider_style=\u00a0\u00bbwave2&Prime; bottom_divider_height=\u00a0\u00bb89px\u00a0\u00bb][et_pb_row _builder_version=\u00a0\u00bb3.0.47&Prime; background_size=\u00a0\u00bbinitial\u00a0\u00bb background_position=\u00a0\u00bbtop_left\u00a0\u00bb background_repeat=\u00a0\u00bbrepeat\u00a0\u00bb][et_pb_column type=\u00a0\u00bb3_4&Prime;][et_pb_text background_layout=\u00a0\u00bbdark\u00a0\u00bb _builder_version=\u00a0\u00bb3.0.106&Prime; text_font=\u00a0\u00bb||||||||\u00a0\u00bb animation_style=\u00a0\u00bbslide\u00a0\u00bb animation_direction=\u00a0\u00bbright\u00a0\u00bb animation_intensity_slide=\u00a0\u00bb1%\u00a0\u00bb]<\/p>\n<p>Au fur et \u00e0 mesure qu\u2019ils progressent dans le syst\u00e8me scolaire, les enfants dyslexiques deviennent souvent r\u00e9ticents \u00e0 faire ce qu\u2019on attend d\u2019eux, ils r\u00e9sistent aux encouragements qu\u2019on leur prodigue \u00e0 consacrer du temps \u00e0 la lecture et ils d\u00e9veloppent un m\u00e9canisme d\u2019\u00e9vasion quand ils doivent faire des devoirs ou d\u2019autres t\u00e2ches scolaires. Un probl\u00e8me important peut \u00eatre mal per\u00e7u et interpr\u00e9t\u00e9 comme un manque de motivation. S\u2019ils ne re\u00e7oivent pas une aide appropri\u00e9e, leur estime de soi commence \u00e0 diminuer et des probl\u00e8mes sociaux peuvent se manifester. Il existe chez les \u00e9ducateurs une tendance \u00e0 se concentrer sur les dimensions n\u00e9gatives de la dyslexie car elles emp\u00eachent l\u2019\u00e9tudiant de r\u00e9ussir.<\/p>\n<p>[\/et_pb_text][\/et_pb_column][et_pb_column type=\u00a0\u00bb1_4&Prime;][\/et_pb_column][\/et_pb_row][\/et_pb_section][et_pb_section bb_built=\u00a0\u00bb1&Prime; _builder_version=\u00a0\u00bb3.0.106&Prime; custom_padding=\u00a0\u00bb54px|0px|33px|0px\u00a0\u00bb prev_background_color=\u00a0\u00bb#30ace5&Prime; next_background_color=\u00a0\u00bb#eaeaea\u00a0\u00bb][et_pb_row _builder_version=\u00a0\u00bb3.0.47&Prime; background_size=\u00a0\u00bbinitial\u00a0\u00bb background_position=\u00a0\u00bbtop_left\u00a0\u00bb background_repeat=\u00a0\u00bbrepeat\u00a0\u00bb][et_pb_column type=\u00a0\u00bb1_3&Prime;][\/et_pb_column][et_pb_column type=\u00a0\u00bb2_3&Prime;][et_pb_text _builder_version=\u00a0\u00bb3.0.106&Prime; animation_style=\u00a0\u00bbslide\u00a0\u00bb animation_direction=\u00a0\u00bbleft\u00a0\u00bb animation_intensity_slide=\u00a0\u00bb1%\u00a0\u00bb]<\/p>\n<p>Beaucoup de textes sur la dyslexie font mention de gens c\u00e9l\u00e8bres qui ont accompli de grandes choses en d\u00e9pit de leur dyslexie. La th\u00e9orie Davis met l\u2019accent sur le fait qu\u2019ils ont r\u00e9ussi non pas malgr\u00e9 leur dyslexie, mais GR\u00c2CE \u00e0 elle. Le mode de pens\u00e9e fortement visuel et spatial qui est l\u2019apanage des dyslexiques est souvent associ\u00e9 \u00e0 une imagination tr\u00e8s vive, \u00e0 une capacit\u00e9 \u00e0 penser hors des sentiers battus et \u00e0 une fa\u00e7on intuitive de r\u00e9soudre les probl\u00e8mes pratiques. On dit d\u2019Albert Einstein, un des plus c\u00e9l\u00e8bres dyslexiques que le monde ait connu, qu\u2019il a \u00e9labor\u00e9 sa th\u00e9orie de la relativit\u00e9 en se visualisant \u00e0 cheval sur un faisceau de lumi\u00e8re.<\/p>\n<p>[\/et_pb_text][\/et_pb_column][\/et_pb_row][\/et_pb_section][et_pb_section bb_built=\u00a0\u00bb1&Prime; background_color=\u00a0\u00bb#eaeaea\u00a0\u00bb prev_background_color=\u00a0\u00bb#ffffff\u00a0\u00bb _builder_version=\u00a0\u00bb3.0.106&Prime; custom_padding=\u00a0\u00bb124px|0px|54px|0px\u00a0\u00bb top_divider_style=\u00a0\u00bbwaves2&Prime; top_divider_height=\u00a0\u00bb63px\u00a0\u00bb top_divider_flip=\u00a0\u00bbhorizontal|vertical\u00a0\u00bb next_background_color=\u00a0\u00bb#ffffff\u00a0\u00bb][et_pb_row _builder_version=\u00a0\u00bb3.0.47&Prime; background_size=\u00a0\u00bbinitial\u00a0\u00bb background_position=\u00a0\u00bbtop_left\u00a0\u00bb background_repeat=\u00a0\u00bbrepeat\u00a0\u00bb][et_pb_column type=\u00a0\u00bb4_4&Prime;][et_pb_text _builder_version=\u00a0\u00bb3.0.106&Prime; text_font=\u00a0\u00bb||||||||\u00a0\u00bb text_font_size=\u00a0\u00bb27px\u00a0\u00bb text_line_height=\u00a0\u00bb1.4em\u00a0\u00bb header_font=\u00a0\u00bb||||||||\u00a0\u00bb header_2_font=\u00a0\u00bb||||||||\u00a0\u00bb header_2_line_height=\u00a0\u00bb1.7em\u00a0\u00bb text_orientation=\u00a0\u00bbcenter\u00a0\u00bb animation_style=\u00a0\u00bbfade\u00a0\u00bb]<\/p>\n<h2>Le programme de Correction de la Dyslexie Davis met \u00e0 profit les dons et les talents naturels du dyslexique dans le but de surmonter la dimension \u201ctroubles d\u2019apprentissage\u201d de la dyslexie.<\/h2>\n<p>[\/et_pb_text][\/et_pb_column][\/et_pb_row][\/et_pb_section][et_pb_section bb_built=\u00a0\u00bb1&Prime; admin_label=\u00a0\u00bbCTA\u00a0\u00bb _builder_version=\u00a0\u00bb3.0.106&Prime; use_background_color_gradient=\u00a0\u00bbon\u00a0\u00bb background_color_gradient_start=\u00a0\u00bbrgba(32,111,183,0.34)\u00a0\u00bb background_color_gradient_end=\u00a0\u00bb#206fb7&Prime; background_color_gradient_direction=\u00a0\u00bb1deg\u00a0\u00bb parallax=\u00a0\u00bbon\u00a0\u00bb custom_padding=\u00a0\u00bb146px||120px|\u00a0\u00bb top_divider_style=\u00a0\u00bbgraph4&Prime; top_divider_color=\u00a0\u00bb#eaeaea\u00a0\u00bb top_divider_height=\u00a0\u00bb48px\u00a0\u00bb top_divider_flip=\u00a0\u00bbhorizontal\u00a0\u00bb bottom_divider_style=\u00a0\u00bbmountains2&Prime; bottom_divider_color=\u00a0\u00bb#344d66&Prime; bottom_divider_height=\u00a0\u00bb49px\u00a0\u00bb saved_tabs=\u00a0\u00bball\u00a0\u00bb collapsed=\u00a0\u00bboff\u00a0\u00bb prev_background_color=\u00a0\u00bb#eaeaea\u00a0\u00bb][et_pb_row use_custom_gutter=\u00a0\u00bbon\u00a0\u00bb gutter_width=\u00a0\u00bb2&Prime; custom_padding=\u00a0\u00bb|||\u00a0\u00bb make_equal=\u00a0\u00bbon\u00a0\u00bb background_color_1=\u00a0\u00bb#ffffff\u00a0\u00bb background_color_2=\u00a0\u00bb#ffffff\u00a0\u00bb padding_top_1=\u00a0\u00bb50px\u00a0\u00bb padding_right_1=\u00a0\u00bb40px\u00a0\u00bb padding_bottom_1=\u00a0\u00bb50px\u00a0\u00bb padding_left_1=\u00a0\u00bb40px\u00a0\u00bb padding_top_2=\u00a0\u00bb50px\u00a0\u00bb padding_right_2=\u00a0\u00bb40px\u00a0\u00bb padding_bottom_2=\u00a0\u00bb50px\u00a0\u00bb padding_left_2=\u00a0\u00bb40px\u00a0\u00bb background_position_1=\u00a0\u00bbtop_left\u00a0\u00bb background_position_2=\u00a0\u00bbtop_left\u00a0\u00bb background_repeat_1=\u00a0\u00bbno-repeat\u00a0\u00bb background_repeat_2=\u00a0\u00bbno-repeat\u00a0\u00bb custom_css_main_1=\u00a0\u00bbbox-shadow: 0px 1px 18px rgba(23, 23, 23, 0.17);|| -moz-box-shadow: 0px 1px 18px rgba(23, 23, 23, 0.17);|| -webkit-box-shadow: 0px 1px 18px rgba(23, 23, 23, 0.17);\u00a0\u00bb custom_css_main_2=\u00a0\u00bbbox-shadow: 0px 1px 18px rgba(23, 23, 23, 0.17);|| -moz-box-shadow: 0px 1px 18px rgba(23, 23, 23, 0.17);|| -webkit-box-shadow: 0px 1px 18px rgba(23, 23, 23, 0.17);\u00a0\u00bb _builder_version=\u00a0\u00bb3.0.106&Prime; background_size=\u00a0\u00bbinitial\u00a0\u00bb background_position=\u00a0\u00bbtop_left\u00a0\u00bb background_repeat=\u00a0\u00bbrepeat\u00a0\u00bb][et_pb_column type=\u00a0\u00bb1_3&Prime;][et_pb_text admin_label=\u00a0\u00bbContact US Text\u00a0\u00bb _builder_version=\u00a0\u00bb3.0.106&Prime; text_font=\u00a0\u00bb|600|||||||\u00a0\u00bb header_font=\u00a0\u00bb|600|||||||\u00a0\u00bb header_text_color=\u00a0\u00bb#1f1f1f\u00a0\u00bb custom_margin=\u00a0\u00bb20px||40px|\u00a0\u00bb custom_padding=\u00a0\u00bb0px|0px|0px|0px\u00a0\u00bb animation_style=\u00a0\u00bbfold\u00a0\u00bb animation_direction=\u00a0\u00bbbottom\u00a0\u00bb animation_intensity_fold=\u00a0\u00bb20%\u00a0\u00bb]<\/p>\n<p><span>Vos questions et vos demandes sont les bienvenues. S\u2019il-vous-pla\u00eet, contactez-nous au\u00a0<\/span><a href=\"mailto:info@daviscanada.org\">info@daviscanada.org<\/a><span>.<\/span><\/p>\n<p>[\/et_pb_text][et_pb_social_media_follow _builder_version=\u00a0\u00bb3.0.65&Prime; border_radii=\u00a0\u00bbon|3px|3px|3px|3px\u00a0\u00bb \/][\/et_pb_column][et_pb_column type=\u00a0\u00bb2_3&Prime;][et_pb_contact_form title=\u00a0\u00bbCOMMENT JOINDRE LA DDAFAC\u00a0\u00bb submit_button_text=\u00a0\u00bbEnvoyer\u00a0\u00bb form_background_color=\u00a0\u00bbrgba(255,255,255,0)\u00a0\u00bb module_id=\u00a0\u00bbet_pb_contact_form_1&Prime; _builder_version=\u00a0\u00bb3.0.106&Prime; title_font=\u00a0\u00bb|||on|||||\u00a0\u00bb form_field_font_size=\u00a0\u00bb16px\u00a0\u00bb form_field_text_color=\u00a0\u00bbrgba(0,0,0,0.49)\u00a0\u00bb border_width_all=\u00a0\u00bb1px\u00a0\u00bb border_color_all=\u00a0\u00bbrgba(0,0,0,0.12)\u00a0\u00bb custom_button=\u00a0\u00bbon\u00a0\u00bb button_text_size=\u00a0\u00bb16px\u00a0\u00bb button_text_color=\u00a0\u00bb#ffffff\u00a0\u00bb button_bg_color=\u00a0\u00bb#75a800&Prime; button_border_color=\u00a0\u00bb#75a800&Prime; button_border_radius=\u00a0\u00bb0px\u00a0\u00bb button_letter_spacing=\u00a0\u00bb2px\u00a0\u00bb button_font=\u00a0\u00bb|600||on|||||\u00a0\u00bb button_use_icon=\u00a0\u00bboff\u00a0\u00bb button_text_color_hover=\u00a0\u00bb#6eba01&Prime; button_bg_color_hover=\u00a0\u00bbrgba(0,0,0,0)\u00a0\u00bb button_border_color_hover=\u00a0\u00bb#6eba01&Prime; button_border_radius_hover=\u00a0\u00bb0px\u00a0\u00bb button_letter_spacing_hover=\u00a0\u00bb2px\u00a0\u00bb animation_style=\u00a0\u00bbfold\u00a0\u00bb animation_direction=\u00a0\u00bbbottom\u00a0\u00bb animation_intensity_fold=\u00a0\u00bb20%\u00a0\u00bb use_border_color=\u00a0\u00bbon\u00a0\u00bb email=\u00a0\u00bbinfo@dyslexiaontario.com\u00a0\u00bb custom_message=\u00a0\u00bbName: %%Name%%||et_pb_line_break_holder||Email: %%Email%%||et_pb_line_break_holder||||et_pb_line_break_holder||Message: %%Message%%\u00a0\u00bb captcha=\u00a0\u00bbon\u00a0\u00bb use_redirect=\u00a0\u00bboff\u00a0\u00bb button_icon_placement=\u00a0\u00bbright\u00a0\u00bb][et_pb_contact_field field_id=\u00a0\u00bbName\u00a0\u00bb field_title=\u00a0\u00bbNom\u00a0\u00bb fullwidth_field=\u00a0\u00bbon\u00a0\u00bb _builder_version=\u00a0\u00bb3.0.106&Prime; border_radii=\u00a0\u00bbon||||\u00a0\u00bb][\/et_pb_contact_field][et_pb_contact_field field_id=\u00a0\u00bbEmail\u00a0\u00bb field_title=\u00a0\u00bbCourriel\u00a0\u00bb field_type=\u00a0\u00bbemail\u00a0\u00bb fullwidth_field=\u00a0\u00bbon\u00a0\u00bb _builder_version=\u00a0\u00bb3.0.106&Prime; border_radii=\u00a0\u00bbon||||\u00a0\u00bb][\/et_pb_contact_field][et_pb_contact_field field_id=\u00a0\u00bbMessage\u00a0\u00bb field_title=\u00a0\u00bbMessage\u00a0\u00bb field_type=\u00a0\u00bbtext\u00a0\u00bb fullwidth_field=\u00a0\u00bbon\u00a0\u00bb _builder_version=\u00a0\u00bb3.0.47&Prime; border_radii=\u00a0\u00bbon||||\u00a0\u00bb][\/et_pb_contact_field][\/et_pb_contact_form][\/et_pb_column][\/et_pb_row][\/et_pb_section]<\/p>\n","protected":false},"excerpt":{"rendered":"<p>La Dyslexie La dyslexie est un mot qu\u2019on utilise le plus souvent pour d\u00e9crire certains troubles d\u2019apprentissage en mati\u00e8re de lecture et d\u2019\u00e9criture. Au Canada, nous avons tendance \u00e0 utiliser le terme\u00a0troubles d\u2019apprentissage\u00a0lorsque nous faisons r\u00e9f\u00e9rence aux difficult\u00e9s d\u2019apprentissage et d\u2019utilisation des mati\u00e8res scolaires de base (la lecture, l\u2019\u00e9criture et les math\u00e9matiques) qu\u2019\u00e9prouvent des personnes [&hellip;]<\/p>\n","protected":false},"author":1,"featured_media":0,"parent":0,"menu_order":0,"comment_status":"closed","ping_status":"closed","template":"","meta":{"_et_pb_use_builder":"on","_et_pb_old_content":"","_et_gb_content_width":"","footnotes":""},"class_list":["post-508","page","type-page","status-publish","hentry"],"yoast_head":"<!-- This site is optimized with the Yoast SEO plugin v26.3 - https:\/\/yoast.com\/wordpress\/plugins\/seo\/ -->\n<title>La Dyslexie - Davis Dyslexia Canada<\/title>\n<meta name=\"robots\" content=\"index, follow, max-snippet:-1, max-image-preview:large, max-video-preview:-1\" \/>\n<link rel=\"canonical\" href=\"https:\/\/www.daviscanada.org\/fr\/la-dyslexie\/\" \/>\n<meta property=\"og:locale\" content=\"fr_FR\" \/>\n<meta property=\"og:type\" content=\"article\" \/>\n<meta property=\"og:title\" content=\"La Dyslexie - Davis Dyslexia Canada\" \/>\n<meta property=\"og:description\" content=\"La Dyslexie La dyslexie est un mot qu\u2019on utilise le plus souvent pour d\u00e9crire certains troubles d\u2019apprentissage en mati\u00e8re de lecture et d\u2019\u00e9criture. Au Canada, nous avons tendance \u00e0 utiliser le terme\u00a0troubles d\u2019apprentissage\u00a0lorsque nous faisons r\u00e9f\u00e9rence aux difficult\u00e9s d\u2019apprentissage et d\u2019utilisation des mati\u00e8res scolaires de base (la lecture, l\u2019\u00e9criture et les math\u00e9matiques) qu\u2019\u00e9prouvent des personnes [&hellip;]\" \/>\n<meta property=\"og:url\" content=\"https:\/\/www.daviscanada.org\/fr\/la-dyslexie\/\" \/>\n<meta property=\"og:site_name\" content=\"Davis Dyslexia Canada\" \/>\n<meta property=\"article:publisher\" content=\"https:\/\/www.facebook.com\/DDFAC\" \/>\n<meta property=\"article:modified_time\" content=\"2018-03-30T01:45:55+00:00\" \/>\n<meta name=\"twitter:card\" content=\"summary_large_image\" \/>\n<meta name=\"twitter:site\" content=\"@DDFAC\" \/>\n<meta name=\"twitter:label1\" content=\"Dur\u00e9e de lecture estim\u00e9e\" \/>\n\t<meta name=\"twitter:data1\" content=\"7 minutes\" \/>\n<script type=\"application\/ld+json\" class=\"yoast-schema-graph\">{\"@context\":\"https:\/\/schema.org\",\"@graph\":[{\"@type\":\"WebPage\",\"@id\":\"https:\/\/www.daviscanada.org\/fr\/la-dyslexie\/\",\"url\":\"https:\/\/www.daviscanada.org\/fr\/la-dyslexie\/\",\"name\":\"La Dyslexie - Davis Dyslexia Canada\",\"isPartOf\":{\"@id\":\"https:\/\/www.daviscanada.org\/#website\"},\"datePublished\":\"2018-03-11T03:25:17+00:00\",\"dateModified\":\"2018-03-30T01:45:55+00:00\",\"breadcrumb\":{\"@id\":\"https:\/\/www.daviscanada.org\/fr\/la-dyslexie\/#breadcrumb\"},\"inLanguage\":\"fr-FR\",\"potentialAction\":[{\"@type\":\"ReadAction\",\"target\":[\"https:\/\/www.daviscanada.org\/fr\/la-dyslexie\/\"]}]},{\"@type\":\"BreadcrumbList\",\"@id\":\"https:\/\/www.daviscanada.org\/fr\/la-dyslexie\/#breadcrumb\",\"itemListElement\":[{\"@type\":\"ListItem\",\"position\":1,\"name\":\"Home\",\"item\":\"https:\/\/www.daviscanada.org\/fr\/homenew\/\"},{\"@type\":\"ListItem\",\"position\":2,\"name\":\"La Dyslexie\"}]},{\"@type\":\"WebSite\",\"@id\":\"https:\/\/www.daviscanada.org\/#website\",\"url\":\"https:\/\/www.daviscanada.org\/\",\"name\":\"Davis Dyslexia Canada\",\"description\":\"Dyslexia, ADD, ADHD Learning Disabilities can be corrected\",\"publisher\":{\"@id\":\"https:\/\/www.daviscanada.org\/#organization\"},\"potentialAction\":[{\"@type\":\"SearchAction\",\"target\":{\"@type\":\"EntryPoint\",\"urlTemplate\":\"https:\/\/www.daviscanada.org\/?s={search_term_string}\"},\"query-input\":{\"@type\":\"PropertyValueSpecification\",\"valueRequired\":true,\"valueName\":\"search_term_string\"}}],\"inLanguage\":\"fr-FR\"},{\"@type\":\"Organization\",\"@id\":\"https:\/\/www.daviscanada.org\/#organization\",\"name\":\"Davis Dyslexia and Autism Facilitators' Association of Canada\",\"url\":\"https:\/\/www.daviscanada.org\/\",\"logo\":{\"@type\":\"ImageObject\",\"inLanguage\":\"fr-FR\",\"@id\":\"https:\/\/www.daviscanada.org\/#\/schema\/logo\/image\/\",\"url\":\"https:\/\/www.daviscanada.org\/wp-content\/uploads\/2018\/03\/LogoNew5.png\",\"contentUrl\":\"https:\/\/www.daviscanada.org\/wp-content\/uploads\/2018\/03\/LogoNew5.png\",\"width\":278,\"height\":201,\"caption\":\"Davis Dyslexia and Autism Facilitators' Association of Canada\"},\"image\":{\"@id\":\"https:\/\/www.daviscanada.org\/#\/schema\/logo\/image\/\"},\"sameAs\":[\"https:\/\/www.facebook.com\/DDFAC\",\"https:\/\/x.com\/DDFAC\"]}]}<\/script>\n<!-- \/ Yoast SEO plugin. -->","yoast_head_json":{"title":"La Dyslexie - Davis Dyslexia Canada","robots":{"index":"index","follow":"follow","max-snippet":"max-snippet:-1","max-image-preview":"max-image-preview:large","max-video-preview":"max-video-preview:-1"},"canonical":"https:\/\/www.daviscanada.org\/fr\/la-dyslexie\/","og_locale":"fr_FR","og_type":"article","og_title":"La Dyslexie - Davis Dyslexia Canada","og_description":"La Dyslexie La dyslexie est un mot qu\u2019on utilise le plus souvent pour d\u00e9crire certains troubles d\u2019apprentissage en mati\u00e8re de lecture et d\u2019\u00e9criture. Au Canada, nous avons tendance \u00e0 utiliser le terme\u00a0troubles d\u2019apprentissage\u00a0lorsque nous faisons r\u00e9f\u00e9rence aux difficult\u00e9s d\u2019apprentissage et d\u2019utilisation des mati\u00e8res scolaires de base (la lecture, l\u2019\u00e9criture et les math\u00e9matiques) qu\u2019\u00e9prouvent des personnes [&hellip;]","og_url":"https:\/\/www.daviscanada.org\/fr\/la-dyslexie\/","og_site_name":"Davis Dyslexia Canada","article_publisher":"https:\/\/www.facebook.com\/DDFAC","article_modified_time":"2018-03-30T01:45:55+00:00","twitter_card":"summary_large_image","twitter_site":"@DDFAC","twitter_misc":{"Dur\u00e9e de lecture estim\u00e9e":"7 minutes"},"schema":{"@context":"https:\/\/schema.org","@graph":[{"@type":"WebPage","@id":"https:\/\/www.daviscanada.org\/fr\/la-dyslexie\/","url":"https:\/\/www.daviscanada.org\/fr\/la-dyslexie\/","name":"La Dyslexie - Davis Dyslexia Canada","isPartOf":{"@id":"https:\/\/www.daviscanada.org\/#website"},"datePublished":"2018-03-11T03:25:17+00:00","dateModified":"2018-03-30T01:45:55+00:00","breadcrumb":{"@id":"https:\/\/www.daviscanada.org\/fr\/la-dyslexie\/#breadcrumb"},"inLanguage":"fr-FR","potentialAction":[{"@type":"ReadAction","target":["https:\/\/www.daviscanada.org\/fr\/la-dyslexie\/"]}]},{"@type":"BreadcrumbList","@id":"https:\/\/www.daviscanada.org\/fr\/la-dyslexie\/#breadcrumb","itemListElement":[{"@type":"ListItem","position":1,"name":"Home","item":"https:\/\/www.daviscanada.org\/fr\/homenew\/"},{"@type":"ListItem","position":2,"name":"La Dyslexie"}]},{"@type":"WebSite","@id":"https:\/\/www.daviscanada.org\/#website","url":"https:\/\/www.daviscanada.org\/","name":"Davis Dyslexia Canada","description":"Dyslexia, ADD, ADHD Learning Disabilities can be corrected","publisher":{"@id":"https:\/\/www.daviscanada.org\/#organization"},"potentialAction":[{"@type":"SearchAction","target":{"@type":"EntryPoint","urlTemplate":"https:\/\/www.daviscanada.org\/?s={search_term_string}"},"query-input":{"@type":"PropertyValueSpecification","valueRequired":true,"valueName":"search_term_string"}}],"inLanguage":"fr-FR"},{"@type":"Organization","@id":"https:\/\/www.daviscanada.org\/#organization","name":"Davis Dyslexia and Autism Facilitators' Association of Canada","url":"https:\/\/www.daviscanada.org\/","logo":{"@type":"ImageObject","inLanguage":"fr-FR","@id":"https:\/\/www.daviscanada.org\/#\/schema\/logo\/image\/","url":"https:\/\/www.daviscanada.org\/wp-content\/uploads\/2018\/03\/LogoNew5.png","contentUrl":"https:\/\/www.daviscanada.org\/wp-content\/uploads\/2018\/03\/LogoNew5.png","width":278,"height":201,"caption":"Davis Dyslexia and Autism Facilitators' Association of Canada"},"image":{"@id":"https:\/\/www.daviscanada.org\/#\/schema\/logo\/image\/"},"sameAs":["https:\/\/www.facebook.com\/DDFAC","https:\/\/x.com\/DDFAC"]}]}},"_links":{"self":[{"href":"https:\/\/www.daviscanada.org\/fr\/wp-json\/wp\/v2\/pages\/508\/"}],"collection":[{"href":"https:\/\/www.daviscanada.org\/fr\/wp-json\/wp\/v2\/pages\/"}],"about":[{"href":"https:\/\/www.daviscanada.org\/fr\/wp-json\/wp\/v2\/types\/page\/"}],"author":[{"embeddable":true,"href":"https:\/\/www.daviscanada.org\/fr\/wp-json\/wp\/v2\/users\/1\/"}],"replies":[{"embeddable":true,"href":"https:\/\/www.daviscanada.org\/fr\/wp-json\/wp\/v2\/comments\/?post=508"}],"version-history":[{"count":0,"href":"https:\/\/www.daviscanada.org\/fr\/wp-json\/wp\/v2\/pages\/508\/revisions\/"}],"wp:attachment":[{"href":"https:\/\/www.daviscanada.org\/fr\/wp-json\/wp\/v2\/media\/?parent=508"}],"curies":[{"name":"wp","href":"https:\/\/api.w.org\/{rel}","templated":true}]}}